{"id":2929,"date":"2017-06-22T19:51:43","date_gmt":"2017-06-22T19:51:43","guid":{"rendered":"http:\/\/neuesdesign.dfg-frankfurt.de\/?page_id=2929\/"},"modified":"2022-04-27T12:47:51","modified_gmt":"2022-04-27T10:47:51","slug":"impressum","status":"publish","type":"page","link":"https:\/\/www.dfg-frankfurt.de\/fr\/impressum\/","title":{"rendered":"Impressum"},"content":{"rendered":"<section class=\"wpb-content-wrapper\">[vc_row][vc_column][vc_raw_html]JTNDaDIlMjBjbGFzcyUzRCUyMmNlbnRlcmVkJTIyJTNFJTNDc3BhbiUzRUltcHJlc3N1bSUzQyUyRnNwYW4lM0UlM0MlMkZoMiUzRQ==[\/vc_raw_html][vc_column_text]Deutsch-Franz\u00f6sische Gesellschaft Frankfurt am Main e.V.<\/p>\n<p>Soci\u00e9t\u00e9 Franco-allemande de Francfort sur le Main<br \/>\nAdickesallee 13<br \/>\nDE-60322 Frankfurt am Main<br \/>\nTel.:\u00a0+49 176 422 701 26<br \/>\nEmail: info(at)dfg-frankfurt.de<\/p>\n<p>Die Deutsch-Franz\u00f6sische Gesellschaft Frankfurt am Main e.V. ist im Vereinsregister des Amtsgerichts Frankfurt am Main unter der Registernummer VR 4144 eingetragen.<\/p>\n<p>Sie wird rechtlich vertreten durch den Pr\u00e4sidenten, Herrn Christophe Braouet, oder den Gesch\u00e4ftsf\u00fchrer, Herrn Jean-Baptiste Deroche.<\/p>\n<p><b>Konzept und Design<\/b><br \/>\nSylvia Sch\u00fctz, Kommunikationsdesigner (Dipl. FH)<br \/>\n<a href=\"http:\/\/www.design-schuetz.de\/\" target=\"_blank\" rel=\"noopener noreferrer\">Design-Schuetz.de<\/a>[\/vc_column_text][\/vc_column][\/vc_row][vc_row][vc_column][vc_raw_html]JTNDaDIlMjBjbGFzcyUzRCUyMmNlbnRlcmVkJTIyJTNFJTNDc3BhbiUzRUNvcHlyaWdodCUzQyUyRnNwYW4lM0UlM0MlMkZoMiUzRQ==[\/vc_raw_html][vc_column_text]Texte, Bilder, Graphiken sowie Gestaltung und Layout dieser Seiten unterliegen weltweitem Urheberrecht. Unerlaubte Verwendung, Reproduktion oder Weitergabe einzelner Inhalte oder kompletter Seiten werden sowohl straf- als auch zivilrechtlich verfolgt.<\/p>\n<p>Copyright \u00a9 2006-2019 Deutsch-Franz\u00f6sische Gesellschaft Frankfurt am Main e.V., Deutschland. Alle Rechte vorbehalten.<\/p>\n<p>Die Deutsch-Franz\u00f6sische Gesellschaft Frankfurt am Main e.V. \u00fcbernimmt keine Gew\u00e4hr f\u00fcr die Richtigkeit und Vollst\u00e4ndigkeit der eingestellten Informationen.<\/p>\n<p>Als Inhaltsanbieter f\u00fcr die \u00ab\u00a0eigenen Inhalte\u00a0\u00bb, die sie zur Nutzung bereith\u00e4lt, ist die Deutsch-Franz\u00f6sische Gesellschaft Frankfurt am Main e.V. nach den allgemeinen Gesetzen verantwortlich. Durch die Anbringung eines Querverweises (\u00ab\u00a0Links\u00a0\u00bb) auf die von anderen Anbietern bereitgehaltenen Inhalte h\u00e4lt die Deutsch-Franz\u00f6sische Gesellschaft Frankfurt am Main e.V. insofern \u00ab\u00a0fremde Inhalte\u00a0\u00bb zur Nutzung bereit. Um eine m\u00f6gliche Mitverantwortung der Deutsch-Franz\u00f6sischen Gesellschaft Frankfurt am Main e.V. f\u00fcr diese \u00ab\u00a0fremden Inhalte\u00a0\u00bb auszuschlie\u00dfen, distanziert sie sich ausdr\u00fccklich von allen Inhalten zu gelinkten Seiten, da diese von Fremdanbietern zug\u00e4nglich gemacht werden und sie auf deren wahrheitsgem\u00e4\u00dfen Inhalt keinerlei Einfluss hat.[\/vc_column_text][\/vc_column][\/vc_row]\n<\/section>","protected":false},"excerpt":{"rendered":"<p>[vc_row][vc_column][vc_raw_html]JTNDaDIlMjBjbGFzcyUzRCUyMmNlbnRlcmVkJTIyJTNFJTNDc3BhbiUzRUltcHJlc3N1bSUzQyUyRnNwYW4lM0UlM0MlMkZoMiUzRQ==[\/vc_raw_html][vc_column_text]Deutsch-Franz\u00f6sische Gesellschaft Frankfurt am Main e.V. Soci\u00e9t\u00e9 Franco-allemande de Francfort sur le Main Adickesallee 13 DE-60322 Frankfurt am Main Tel.:\u00a0+49 176 422 701 26 Email: info(at)dfg-frankfurt.de Die Deutsch-Franz\u00f6sische Gesellschaft Frankfurt am Main e.V. ist im Vereinsregister des Amtsgerichts Frankfurt am Main unter der Registernummer VR 4144 eingetragen. Sie wird rechtlich vertreten durch den Pr\u00e4sidenten, Herrn [&hellip;]<\/p>\n","protected":false},"author":1,"featured_media":0,"parent":0,"menu_order":6,"comment_status":"closed","ping_status":"closed","template":"","meta":{"footnotes":""},"_links":{"self":[{"href":"https:\/\/www.dfg-frankfurt.de\/fr\/wp-json\/wp\/v2\/pages\/2929"}],"collection":[{"href":"https:\/\/www.dfg-frankfurt.de\/fr\/wp-json\/wp\/v2\/pages"}],"about":[{"href":"https:\/\/www.dfg-frankfurt.de\/fr\/wp-json\/wp\/v2\/types\/page"}],"author":[{"embeddable":true,"href":"https:\/\/www.dfg-frankfurt.de\/fr\/wp-json\/wp\/v2\/users\/1"}],"replies":[{"embeddable":true,"href":"https:\/\/www.dfg-frankfurt.de\/fr\/wp-json\/wp\/v2\/comments?post=2929"}],"version-history":[{"count":9,"href":"https:\/\/www.dfg-frankfurt.de\/fr\/wp-json\/wp\/v2\/pages\/2929\/revisions"}],"predecessor-version":[{"id":15893,"href":"https:\/\/www.dfg-frankfurt.de\/fr\/wp-json\/wp\/v2\/pages\/2929\/revisions\/15893"}],"wp:attachment":[{"href":"https:\/\/www.dfg-frankfurt.de\/fr\/wp-json\/wp\/v2\/media?parent=2929"}],"curies":[{"name":"wp","href":"https:\/\/api.w.org\/{rel}","templated":true}]}}